{"id":179,"date":"2016-11-17T11:23:35","date_gmt":"2016-11-17T10:23:35","guid":{"rendered":"http:\/\/sv014.be\/?page_id=179"},"modified":"2025-09-22T11:15:07","modified_gmt":"2025-09-22T09:15:07","slug":"staff-dunite-2","status":"publish","type":"page","link":"http:\/\/sv014.be\/index.php\/staff-dunite-2\/","title":{"rendered":"Staff d&rsquo;Unit\u00e9"},"content":{"rendered":"\n<p>Le staff d\u2019unit\u00e9 est l\u2019\u00e9quipe qui veille au bon fonctionnement de l\u2019unit\u00e9 scoute, en accompagnant les animateurs et en assurant la coordination des activit\u00e9s \u00e9ducatives.<\/p>\n\n\n\n<div class=\"wp-block-group\"><div class=\"wp-block-group__inner-container is-layout-constrained wp-block-group-is-layout-constrained\">\n<div class=\"wp-block-columns is-layout-flex wp-container-core-columns-is-layout-1 wp-block-columns-is-layout-flex\">\n<div class=\"wp-block-column is-layout-flow wp-block-column-is-layout-flow\" style=\"flex-basis:100%\"><div class=\"wp-block-image\">\n<figure class=\"aligncenter size-full is-resized\"><img loading=\"lazy\" decoding=\"async\" width=\"329\" height=\"619\" src=\"http:\/\/sv014.be\/wp-content\/uploads\/2025\/04\/image-4.png\" alt=\"\" class=\"wp-image-1315\" style=\"width:217px;height:auto\" srcset=\"http:\/\/sv014.be\/wp-content\/uploads\/2025\/04\/image-4.png 329w, http:\/\/sv014.be\/wp-content\/uploads\/2025\/04\/image-4-159x300.png 159w\" sizes=\"(max-width: 329px) 85vw, 329px\" \/><\/figure><\/div><\/div>\n<\/div>\n<\/div><\/div>\n\n\n\n<p><strong>Notre r\u00f4le ?<\/strong><\/p>\n\n\n\n<ul>\n<li><strong>Soutenir les animateurs<\/strong> dans l\u2019organisation et la mise en place de leurs animations, afin d\u2019offrir aux jeunes une exp\u00e9rience scoute enrichissante et s\u00e9curis\u00e9e.<\/li>\n\n\n\n<li><strong>Assurer la coordination<\/strong> entre les diff\u00e9rentes sections pour garantir une coh\u00e9rence p\u00e9dagogique et une dynamique de groupe harmonieuse.<\/li>\n\n\n\n<li><strong>\u00catre \u00e0 l\u2019\u00e9coute des parents<\/strong> et r\u00e9pondre \u00e0 leurs questions concernant la vie de l\u2019unit\u00e9.<\/li>\n\n\n\n<li><strong>Repr\u00e9senter l\u2019unit\u00e9<\/strong> aupr\u00e8s des instances officielles (autorit\u00e9s communales, f\u00e9d\u00e9ration scoute, partenaires locaux\u2026).<\/li>\n\n\n\n<li><strong>G\u00e9rer l\u2019organisation g\u00e9n\u00e9rale<\/strong> de l\u2019unit\u00e9, y compris les inscriptions, le mat\u00e9riel et les \u00e9v\u00e9nements cl\u00e9s de l\u2019ann\u00e9e.Nous sommes \u00e0 votre disposition pour toute question ou information.  <\/li>\n<\/ul>\n\n\n\n<p class=\"has-text-align-left\"><strong>N\u2019h\u00e9sitez pas \u00e0 nous contacter !<\/strong><a href=\"mailto:scoutstsl@gmail.com\">scoutstsl@gmail.com<\/a><\/p>\n\n\n\n<h4 class=\"wp-block-heading\">Pr\u00e9sentation du staff d&rsquo;unit\u00e9<\/h4>\n\n\n\n<figure class=\"wp-block-image size-large\"><img loading=\"lazy\" decoding=\"async\" width=\"1024\" height=\"768\" src=\"http:\/\/sv014.be\/wp-content\/uploads\/2025\/09\/image00027-1-1024x768.jpeg\" alt=\"\" class=\"wp-image-1469\" srcset=\"http:\/\/sv014.be\/wp-content\/uploads\/2025\/09\/image00027-1-1024x768.jpeg 1024w, http:\/\/sv014.be\/wp-content\/uploads\/2025\/09\/image00027-1-300x225.jpeg 300w, http:\/\/sv014.be\/wp-content\/uploads\/2025\/09\/image00027-1-768x576.jpeg 768w, http:\/\/sv014.be\/wp-content\/uploads\/2025\/09\/image00027-1-1536x1152.jpeg 1536w, http:\/\/sv014.be\/wp-content\/uploads\/2025\/09\/image00027-1-2048x1536.jpeg 2048w, http:\/\/sv014.be\/wp-content\/uploads\/2025\/09\/image00027-1-1200x900.jpeg 1200w\" sizes=\"(max-width: 709px) 85vw, (max-width: 909px) 67vw, (max-width: 1362px) 62vw, 840px\" \/><\/figure>\n\n\n\n<figure class=\"wp-block-table alignleft\"><table><tbody><tr><td><img loading=\"lazy\" decoding=\"async\" width=\"150\" height=\"163\" class=\"wp-image-1350\" style=\"width: 150px;\" src=\"http:\/\/sv014.be\/wp-content\/uploads\/2025\/05\/Capture-decran-2025-05-20-150857.png\" alt=\"\"><\/td><td class=\"has-text-align-left\" data-align=\"left\"><strong><u>Animatrice d&rsquo;Unit\u00e9<\/u><\/strong> : Devos Nathalie- <strong>Serval<\/strong> <br>(0495\/809810)<\/td><\/tr><tr><td><\/td><td class=\"has-text-align-left\" data-align=\"left\"><strong><u>Les \u00e9quipiers :<\/u><\/strong><\/td><\/tr><tr><td><img loading=\"lazy\" decoding=\"async\" width=\"150\" height=\"200\" class=\"wp-image-1347\" style=\"width: 150px;\" src=\"http:\/\/sv014.be\/wp-content\/uploads\/2025\/05\/IMG_7421-scaled.jpg\" alt=\"\" srcset=\"http:\/\/sv014.be\/wp-content\/uploads\/2025\/05\/IMG_7421-scaled.jpg 1920w, http:\/\/sv014.be\/wp-content\/uploads\/2025\/05\/IMG_7421-225x300.jpg 225w, http:\/\/sv014.be\/wp-content\/uploads\/2025\/05\/IMG_7421-768x1024.jpg 768w, http:\/\/sv014.be\/wp-content\/uploads\/2025\/05\/IMG_7421-1152x1536.jpg 1152w, http:\/\/sv014.be\/wp-content\/uploads\/2025\/05\/IMG_7421-1536x2048.jpg 1536w, http:\/\/sv014.be\/wp-content\/uploads\/2025\/05\/IMG_7421-1200x1600.jpg 1200w\" sizes=\"(max-width: 150px) 85vw, 150px\" \/><\/td><td class=\"has-text-align-left\" data-align=\"left\">Simon Corentin : <strong>Saki<\/strong> <br>R\u00e9f\u00e9rent Louveteaux et Pionniers (0479\/595968)<\/td><\/tr><tr><td><img loading=\"lazy\" decoding=\"async\" width=\"150\" height=\"200\" class=\"wp-image-1346\" style=\"width: 150px;\" src=\"http:\/\/sv014.be\/wp-content\/uploads\/2025\/05\/IMG_7419-scaled.jpg\" alt=\"\" srcset=\"http:\/\/sv014.be\/wp-content\/uploads\/2025\/05\/IMG_7419-scaled.jpg 1920w, http:\/\/sv014.be\/wp-content\/uploads\/2025\/05\/IMG_7419-225x300.jpg 225w, http:\/\/sv014.be\/wp-content\/uploads\/2025\/05\/IMG_7419-768x1024.jpg 768w, http:\/\/sv014.be\/wp-content\/uploads\/2025\/05\/IMG_7419-1152x1536.jpg 1152w, http:\/\/sv014.be\/wp-content\/uploads\/2025\/05\/IMG_7419-1536x2048.jpg 1536w, http:\/\/sv014.be\/wp-content\/uploads\/2025\/05\/IMG_7419-1200x1600.jpg 1200w\" sizes=\"(max-width: 150px) 85vw, 150px\" \/><\/td><td class=\"has-text-align-left\" data-align=\"left\">de Viron Pierre : <strong>Renardeau<\/strong> <br>R\u00e9f\u00e9rent \u00c9claireurs et Alumni (anciens chefs) (0476\/215118)<\/td><\/tr><tr><td><img loading=\"lazy\" decoding=\"async\" width=\"150\" height=\"200\" class=\"wp-image-1345\" style=\"width: 150px;\" src=\"http:\/\/sv014.be\/wp-content\/uploads\/2025\/05\/IMG_7416-scaled.jpg\" alt=\"\" srcset=\"http:\/\/sv014.be\/wp-content\/uploads\/2025\/05\/IMG_7416-scaled.jpg 1920w, http:\/\/sv014.be\/wp-content\/uploads\/2025\/05\/IMG_7416-225x300.jpg 225w, http:\/\/sv014.be\/wp-content\/uploads\/2025\/05\/IMG_7416-768x1024.jpg 768w, http:\/\/sv014.be\/wp-content\/uploads\/2025\/05\/IMG_7416-1152x1536.jpg 1152w, http:\/\/sv014.be\/wp-content\/uploads\/2025\/05\/IMG_7416-1536x2048.jpg 1536w, http:\/\/sv014.be\/wp-content\/uploads\/2025\/05\/IMG_7416-1200x1600.jpg 1200w\" sizes=\"(max-width: 150px) 85vw, 150px\" \/><\/td><td class=\"has-text-align-left\" data-align=\"left\">Kortleven Laurent : <strong>Fossa<\/strong> <br>R\u00e9f\u00e9rent Eclaireurs et Pionniers (0473\/349055)<\/td><\/tr><tr><td><\/td><td class=\"has-text-align-left\" data-align=\"left\"><strong><u>Les collaborateurs :<\/u><\/strong><\/td><\/tr><tr><td><img loading=\"lazy\" decoding=\"async\" width=\"150\" height=\"200\" class=\"wp-image-1393\" style=\"width: 150px;\" src=\"http:\/\/sv014.be\/wp-content\/uploads\/2025\/09\/image00026-scaled.jpeg\" alt=\"\" srcset=\"http:\/\/sv014.be\/wp-content\/uploads\/2025\/09\/image00026-scaled.jpeg 1920w, http:\/\/sv014.be\/wp-content\/uploads\/2025\/09\/image00026-225x300.jpeg 225w, http:\/\/sv014.be\/wp-content\/uploads\/2025\/09\/image00026-768x1024.jpeg 768w, http:\/\/sv014.be\/wp-content\/uploads\/2025\/09\/image00026-1152x1536.jpeg 1152w, http:\/\/sv014.be\/wp-content\/uploads\/2025\/09\/image00026-1536x2048.jpeg 1536w, http:\/\/sv014.be\/wp-content\/uploads\/2025\/09\/image00026-1200x1600.jpeg 1200w\" sizes=\"(max-width: 150px) 85vw, 150px\" \/><\/td><td class=\"has-text-align-left\" data-align=\"left\">Hirtz Laurent\u2013 <strong>Marcassin<\/strong> <br>R\u00e9f\u00e9rent Louveteaux (0489\/346604)<\/td><\/tr><tr><td><img loading=\"lazy\" decoding=\"async\" width=\"150\" height=\"200\" class=\"wp-image-1348\" style=\"width: 150px;\" src=\"http:\/\/sv014.be\/wp-content\/uploads\/2025\/05\/IMG_7550-scaled.jpg\" alt=\"\" srcset=\"http:\/\/sv014.be\/wp-content\/uploads\/2025\/05\/IMG_7550-scaled.jpg 1920w, http:\/\/sv014.be\/wp-content\/uploads\/2025\/05\/IMG_7550-225x300.jpg 225w, http:\/\/sv014.be\/wp-content\/uploads\/2025\/05\/IMG_7550-768x1024.jpg 768w, http:\/\/sv014.be\/wp-content\/uploads\/2025\/05\/IMG_7550-1152x1536.jpg 1152w, http:\/\/sv014.be\/wp-content\/uploads\/2025\/05\/IMG_7550-1536x2048.jpg 1536w, http:\/\/sv014.be\/wp-content\/uploads\/2025\/05\/IMG_7550-1200x1600.jpg 1200w\" sizes=\"(max-width: 150px) 85vw, 150px\" \/><\/td><td class=\"has-text-align-left\" data-align=\"left\">Millan Julie <br>R\u00e9f\u00e9rent Baladins et Alumni (anciens chefs) (0497\/149698)<\/td><\/tr><tr><td><img loading=\"lazy\" decoding=\"async\" width=\"150\" height=\"113\" class=\"wp-image-1343\" style=\"width: 150px;\" src=\"http:\/\/sv014.be\/wp-content\/uploads\/2025\/05\/98d69113-0848-40a0-9984-3deea152d8bf.jpg\" alt=\"\" srcset=\"http:\/\/sv014.be\/wp-content\/uploads\/2025\/05\/98d69113-0848-40a0-9984-3deea152d8bf.jpg 1640w, http:\/\/sv014.be\/wp-content\/uploads\/2025\/05\/98d69113-0848-40a0-9984-3deea152d8bf-300x225.jpg 300w, http:\/\/sv014.be\/wp-content\/uploads\/2025\/05\/98d69113-0848-40a0-9984-3deea152d8bf-1024x769.jpg 1024w, http:\/\/sv014.be\/wp-content\/uploads\/2025\/05\/98d69113-0848-40a0-9984-3deea152d8bf-768x577.jpg 768w, http:\/\/sv014.be\/wp-content\/uploads\/2025\/05\/98d69113-0848-40a0-9984-3deea152d8bf-1536x1154.jpg 1536w, http:\/\/sv014.be\/wp-content\/uploads\/2025\/05\/98d69113-0848-40a0-9984-3deea152d8bf-1200x901.jpg 1200w\" sizes=\"(max-width: 150px) 85vw, 150px\" \/><\/td><td class=\"has-text-align-left\" data-align=\"left\">Li\u00e9nart Vanessa \u2013 <strong>Jaguarondi<\/strong> <br>R\u00e9f\u00e9rent Baladins (0479\/724220)<\/td><\/tr><\/tbody><\/table><\/figure>\n\n\n\n<h4 class=\"wp-block-heading\"><\/h4>\n","protected":false},"excerpt":{"rendered":"<p>Le staff d\u2019unit\u00e9 est l\u2019\u00e9quipe qui veille au bon fonctionnement de l\u2019unit\u00e9 scoute, en accompagnant les animateurs et en assurant la coordination des activit\u00e9s \u00e9ducatives. Notre r\u00f4le ? N\u2019h\u00e9sitez pas \u00e0 nous contacter !scoutstsl@gmail.com Pr\u00e9sentation du staff d&rsquo;unit\u00e9 Animatrice d&rsquo;Unit\u00e9 : Devos Nathalie- Serval (0495\/809810) Les \u00e9quipiers : Simon Corentin : Saki R\u00e9f\u00e9rent Louveteaux et &hellip; <a href=\"http:\/\/sv014.be\/index.php\/staff-dunite-2\/\" class=\"more-link\">Continuer la lecture<span class=\"screen-reader-text\"> de &laquo;&nbsp;Staff d&rsquo;Unit\u00e9&nbsp;&raquo;<\/span><\/a><\/p>\n","protected":false},"author":7,"featured_media":0,"parent":0,"menu_order":0,"comment_status":"closed","ping_status":"closed","template":"","meta":{"footnotes":""},"_links":{"self":[{"href":"http:\/\/sv014.be\/index.php\/wp-json\/wp\/v2\/pages\/179"}],"collection":[{"href":"http:\/\/sv014.be\/index.php\/wp-json\/wp\/v2\/pages"}],"about":[{"href":"http:\/\/sv014.be\/index.php\/wp-json\/wp\/v2\/types\/page"}],"author":[{"embeddable":true,"href":"http:\/\/sv014.be\/index.php\/wp-json\/wp\/v2\/users\/7"}],"replies":[{"embeddable":true,"href":"http:\/\/sv014.be\/index.php\/wp-json\/wp\/v2\/comments?post=179"}],"version-history":[{"count":59,"href":"http:\/\/sv014.be\/index.php\/wp-json\/wp\/v2\/pages\/179\/revisions"}],"predecessor-version":[{"id":1473,"href":"http:\/\/sv014.be\/index.php\/wp-json\/wp\/v2\/pages\/179\/revisions\/1473"}],"wp:attachment":[{"href":"http:\/\/sv014.be\/index.php\/wp-json\/wp\/v2\/media?parent=179"}],"curies":[{"name":"wp","href":"https:\/\/api.w.org\/{rel}","templated":true}]}}